{"id":18,"date":"2015-05-14T16:03:20","date_gmt":"2015-05-14T16:03:20","guid":{"rendered":"http:\/\/rstenfusenig.de\/wordpress\/?page_id=18"},"modified":"2025-12-14T12:39:38","modified_gmt":"2025-12-14T11:39:38","slug":"bienenweide","status":"publish","type":"page","link":"https:\/\/wordpress.imkerverband-berlin.de\/index.php\/bienenweide\/","title":{"rendered":"Bienenweide und Umwelt"},"content":{"rendered":"<div style=\"width: 49%; padding: 0 0px 0 0; float: left;\">\n<p><img loading=\"lazy\" decoding=\"async\" src=\"http:\/\/wordpress.imkerverband-berlin.de\/wp-content\/uploads\/2015\/05\/bienenweide3.jpg\" alt=\"bienenweide3\" width=\"600\" height=\"400\" \/><\/p>\n<p>Wussten Sie, dass das Stacheln\u00fcsschen (Foto) nicht nur die Fl\u00e4chen zwischen Trittplatten deckt, sondern gleichzeitig ein toller Nektar- und Pollenlieferant ist? Regelm\u00e4\u00dfig gibt der Bienenweide-Obmann den Hobbyg\u00e4rtnern unter den Berliner Imkern in Rundmails einfach umzusetzende Tipps, wie sie bl\u00fchende Bienenweiden schaffen k\u00f6nnen. Au\u00dferdem beantwortet er nat\u00fcrlich gerne individuelle Fragen.<\/p>\n<\/div>\n<div style=\"width: 49%; padding: 0 0px 0 0; float: right;\">\n<p><strong>Bienenkalender zum Download<br \/>\n<\/strong><\/p>\n<p>Obstb\u00e4ume, Robinien und Linden z\u00e4hlen bei uns zu den Haupttrachten. Wenn diese B\u00e4ume bl\u00fchen, gibt es f\u00fcr unsere Bienen genug Futter. Damit sich die V\u00f6lker zur jeder Zeit optimal entwickeln und nicht hungern, brauchen sie aber auch Zwischentrachten. Allerdings kann das Wetter daf\u00fcr sorgen, dass sie nur kurz andauern oder ganz ausfallen. Umso wichtiger ist eine bunte und vielf\u00e4ltige Bienenweide.<\/p>\n<p>Mithilfe der folgenden Tabellen k\u00f6nnen Sie leicht herausfinden, welche Pflanzen zu welcher Zeit bl\u00fchen und in welchem Ma\u00df sie als Nektar- oder Pollenlieferanten geeignet sind. Klicken Sie einfach auf die Jahreszeiten&#8230;<\/p>\n<p><a href=\"http:\/\/wordpress.imkerverband-berlin.de\/wp-content\/uploads\/2015\/07\/Fruehjahr.pdf\" target=\"_blank\" rel=\"noopener noreferrer\">Fr\u00fchjahr<\/a>, <a href=\"http:\/\/wordpress.imkerverband-berlin.de\/wp-content\/uploads\/2015\/07\/Sommer.pdf\" target=\"_blank\" rel=\"noopener noreferrer\">Sommer<\/a>, <a href=\"http:\/\/wordpress.imkerverband-berlin.de\/wp-content\/uploads\/2015\/07\/Herbst.pdf\" target=\"_blank\" rel=\"noopener noreferrer\">Herbst<\/a><\/p>\n<p>Links:<\/p>\n<ul>\n<li><a href=\"http:\/\/www.stadtentwicklung.berlin.de\/umwelt\/stadtgruen\" target=\"_blank\" rel=\"noopener noreferrer\">\u201eStadtgr\u00fcn\u201c auf den Webseiten des Senats<\/a><\/li>\n<li><a href=\"http:\/\/www.bmel.de\/SharedDocs\/Downloads\/Broschueren\/Bienenlexikon.pdf?__blob=publicationFile\">Bienenfreundliche Pflanzen f\u00fcr Balkon und Garten &#8211; Das Pflanzenlexikon der Bienen-App<\/a><\/li>\n<li><a href=\"http:\/\/www.stadtentwicklung.berlin.de\/pflanzenschutz\/pflanzenschutzamt\" target=\"_blank\" rel=\"noopener noreferrer\">Pflanzenschutzamt<\/a><\/li>\n<li><a href=\"http:\/\/www.gartenfreunde-berlin.de\/de\/landesverband\" target=\"_blank\" rel=\"noopener noreferrer\">Landesverband Berlin der Gartenfreunde e.V<\/a> (Bienen und Gr\u00fcn in Kleing\u00e4rten)<\/li>\n<\/ul>\n<p>&nbsp;<\/p>\n<\/div>\n<hr \/>\n<div style=\"clear: both;\"><\/div>\n<div style=\"width: 30%; padding: 0 0px 0 0; float: left;\"><img loading=\"lazy\" decoding=\"async\" src=\"http:\/\/wordpress.imkerverband-berlin.de\/wp-content\/uploads\/2015\/05\/werner-wedell.jpg\" alt=\"werner-wedell\" width=\"600\" height=\"400\" \/><\/div>\n<div style=\"width: 65%; padding: 0 0px 0 0; float: right;\">\n<p>Ihr Ansprechpartner:<\/p>\n<p>Obmann \u201eBienenweide und Umwelt\u201c<br \/>\nWerner Wedell (Imkerverein Lichterfelde)<br \/>\nTel. 030-83 22 97 96<br \/>\nE-Mail: <a href=\"mailto:umwelt@imkerverband-berlin.de\">Umwelt@imkerverband-berlin.de<\/a><\/p>\n<\/div>\n<p>&nbsp;<\/p>\n<p>&nbsp;<\/p>\n<p>&nbsp;<\/p>\n<p>&nbsp;<\/p>\n<p>Mitteilungen:<\/p>\n<p><a href=\"https:\/\/wordpress.imkerverband-berlin.de\/wp-content\/uploads\/2020\/02\/Extensive-Dachbegr\u00fcnung.pdf\" target=\"_blank\" rel=\"noopener noreferrer\">Extensive Dachbegr\u00fcnung<\/a><\/p>\n<p>&nbsp;<\/p>\n<p>&nbsp;<\/p>\n","protected":false},"excerpt":{"rendered":"<p>Wussten Sie, dass das Stacheln\u00fcsschen (Foto) nicht nur die Fl\u00e4chen zwischen Trittplatten deckt, sondern gleichzeitig ein toller Nektar- und Pollenlieferant ist? Regelm\u00e4\u00dfig gibt der Bienenweide-Obmann den Hobbyg\u00e4rtnern unter den Berliner Imkern in Rundmails einfach umzusetzende Tipps, wie sie bl\u00fchende Bienenweiden schaffen k\u00f6nnen. Au\u00dferdem beantwortet er nat\u00fcrlich gerne individuelle Fragen. Bienenkalender&hellip; <\/p>\n","protected":false},"author":1,"featured_media":0,"parent":0,"menu_order":0,"comment_status":"open","ping_status":"open","template":"","meta":{"footnotes":""},"class_list":["post-18","page","type-page","status-publish","hentry"],"publishpress_future_action":{"enabled":false,"date":"2026-05-09 10:38:37","action":"change-status","newStatus":"draft","terms":[],"taxonomy":"","extraData":[]},"publishpress_future_workflow_manual_trigger":{"enabledWorkflows":[]},"_links":{"self":[{"href":"https:\/\/wordpress.imkerverband-berlin.de\/index.php\/wp-json\/wp\/v2\/pages\/18","targetHints":{"allow":["GET"]}}],"collection":[{"href":"https:\/\/wordpress.imkerverband-berlin.de\/index.php\/wp-json\/wp\/v2\/pages"}],"about":[{"href":"https:\/\/wordpress.imkerverband-berlin.de\/index.php\/wp-json\/wp\/v2\/types\/page"}],"author":[{"embeddable":true,"href":"https:\/\/wordpress.imkerverband-berlin.de\/index.php\/wp-json\/wp\/v2\/users\/1"}],"replies":[{"embeddable":true,"href":"https:\/\/wordpress.imkerverband-berlin.de\/index.php\/wp-json\/wp\/v2\/comments?post=18"}],"version-history":[{"count":45,"href":"https:\/\/wordpress.imkerverband-berlin.de\/index.php\/wp-json\/wp\/v2\/pages\/18\/revisions"}],"predecessor-version":[{"id":3598,"href":"https:\/\/wordpress.imkerverband-berlin.de\/index.php\/wp-json\/wp\/v2\/pages\/18\/revisions\/3598"}],"wp:attachment":[{"href":"https:\/\/wordpress.imkerverband-berlin.de\/index.php\/wp-json\/wp\/v2\/media?parent=18"}],"curies":[{"name":"wp","href":"https:\/\/api.w.org\/{rel}","templated":true}]}}